{"id":178,"date":"2019-05-10T13:50:15","date_gmt":"2019-05-10T13:50:15","guid":{"rendered":"https:\/\/abramen.be\/?page_id=178"},"modified":"2025-05-09T07:12:20","modified_gmt":"2025-05-09T07:12:20","slug":"a-propos","status":"publish","type":"page","link":"https:\/\/abramen.be\/nl\/a-propos\/","title":{"rendered":"Over Ons"},"content":{"rendered":"\t\t<div data-elementor-type=\"wp-post\" data-elementor-id=\"178\" class=\"elementor elementor-178\" data-elementor-post-type=\"page\">\n\t\t\t\t<div class=\"elementor-element elementor-element-31fa461 e-flex e-con-boxed wpr-particle-no wpr-jarallax-no wpr-parallax-no wpr-sticky-section-no wpr-equal-height-no e-con e-parent\" data-id=\"31fa461\" data-element_type=\"container\" data-e-type=\"container\" data-settings=\"{&quot;background_background&quot;:&quot;slideshow&quot;,&quot;background_slideshow_gallery&quot;:[{&quot;id&quot;:1462,&quot;url&quot;:&quot;https:\\\/\\\/abramen.be\\\/wp-content\\\/uploads\\\/20210817_132632-scaled.jpg&quot;},{&quot;id&quot;:1607,&quot;url&quot;:&quot;https:\\\/\\\/abramen.be\\\/wp-content\\\/uploads\\\/WhatsApp-Image-2025-04-11-at-08.58.49-1.jpeg&quot;},{&quot;id&quot;:1585,&quot;url&quot;:&quot;https:\\\/\\\/abramen.be\\\/wp-content\\\/uploads\\\/WhatsApp-Image-2025-04-11-at-08.55.32-1.jpeg&quot;},{&quot;id&quot;:1454,&quot;url&quot;:&quot;https:\\\/\\\/abramen.be\\\/wp-content\\\/uploads\\\/20210527_111219-scaled.jpg&quot;},{&quot;id&quot;:1586,&quot;url&quot;:&quot;https:\\\/\\\/abramen.be\\\/wp-content\\\/uploads\\\/WhatsApp-Image-2025-04-11-at-08.55.33.jpeg&quot;},{&quot;id&quot;:1587,&quot;url&quot;:&quot;https:\\\/\\\/abramen.be\\\/wp-content\\\/uploads\\\/WhatsApp-Image-2025-04-11-at-08.55.31-1.jpeg&quot;}],&quot;background_slideshow_ken_burns&quot;:&quot;yes&quot;,&quot;background_slideshow_loop&quot;:&quot;yes&quot;,&quot;background_slideshow_slide_duration&quot;:5000,&quot;background_slideshow_slide_transition&quot;:&quot;fade&quot;,&quot;background_slideshow_transition_duration&quot;:500,&quot;background_slideshow_ken_burns_zoom_direction&quot;:&quot;in&quot;}\">\n\t\t\t\t\t<div class=\"e-con-inner\">\n\t\t<div class=\"elementor-element elementor-element-b84867f e-con-full e-flex wpr-particle-no wpr-jarallax-no wpr-parallax-no wpr-sticky-section-no wpr-equal-height-no e-con e-child\" data-id=\"b84867f\" data-element_type=\"container\" data-e-type=\"container\">\n\t\t\t\t<div class=\"elementor-element elementor-element-183cfc6 elementor-invisible elementor-widget elementor-widget-heading\" data-id=\"183cfc6\" data-element_type=\"widget\" data-e-type=\"widget\" data-settings=\"{&quot;_animation&quot;:&quot;zoomIn&quot;}\" data-widget_type=\"heading.default\">\n\t\t\t\t<div class=\"elementor-widget-container\">\n\t\t\t\t\t<h1 class=\"elementor-heading-title elementor-size-default\">D\u00e9couvrez Abramen<\/h1>\t\t\t\t<\/div>\n\t\t\t\t<\/div>\n\t\t\t\t<div class=\"elementor-element elementor-element-cf36726 elementor-widget elementor-widget-text-editor\" data-id=\"cf36726\" data-element_type=\"widget\" data-e-type=\"widget\" data-widget_type=\"text-editor.default\">\n\t\t\t\t<div class=\"elementor-widget-container\">\n\t\t\t\t\t\t\t\t\tDepuis 2010, nous r\u00e9alisons vos projets de menuiserie int\u00e9rieure et ext\u00e9rieure avec passion, exigence et savoir-faire.\t\t\t\t\t\t\t\t<\/div>\n\t\t\t\t<\/div>\n\t\t\t\t<div class=\"elementor-element elementor-element-687109c envato-kit-30-div-rotate elementor-widget-divider--view-line elementor-invisible elementor-widget elementor-widget-divider\" data-id=\"687109c\" data-element_type=\"widget\" data-e-type=\"widget\" data-settings=\"{&quot;_animation&quot;:&quot;fadeIn&quot;}\" data-widget_type=\"divider.default\">\n\t\t\t\t<div class=\"elementor-widget-container\">\n\t\t\t\t\t\t\t<div class=\"elementor-divider\">\n\t\t\t<span class=\"elementor-divider-separator\">\n\t\t\t\t\t\t<\/span>\n\t\t<\/div>\n\t\t\t\t\t\t<\/div>\n\t\t\t\t<\/div>\n\t\t\t\t<\/div>\n\t\t\t\t\t<\/div>\n\t\t\t\t<\/div>\n\t\t<div class=\"elementor-element elementor-element-78a2c61 e-flex e-con-boxed wpr-particle-no wpr-jarallax-no wpr-parallax-no wpr-sticky-section-no wpr-equal-height-no e-con e-parent\" data-id=\"78a2c61\" data-element_type=\"container\" data-e-type=\"container\">\n\t\t\t\t\t<div class=\"e-con-inner\">\n\t\t<div class=\"elementor-element elementor-element-6cfd4a7 e-con-full e-flex wpr-particle-no wpr-jarallax-no wpr-parallax-no wpr-sticky-section-no wpr-equal-height-no e-con e-child\" data-id=\"6cfd4a7\" data-element_type=\"container\" data-e-type=\"container\">\n\t\t\t\t<div class=\"elementor-element elementor-element-c977f73 elementor-arrows-position-inside elementor-pagination-position-outside elementor-widget elementor-widget-image-carousel\" data-id=\"c977f73\" data-element_type=\"widget\" data-e-type=\"widget\" data-settings=\"{&quot;slides_to_show&quot;:&quot;1&quot;,&quot;navigation&quot;:&quot;both&quot;,&quot;autoplay&quot;:&quot;yes&quot;,&quot;pause_on_hover&quot;:&quot;yes&quot;,&quot;pause_on_interaction&quot;:&quot;yes&quot;,&quot;autoplay_speed&quot;:5000,&quot;infinite&quot;:&quot;yes&quot;,&quot;effect&quot;:&quot;slide&quot;,&quot;speed&quot;:500}\" data-widget_type=\"image-carousel.default\">\n\t\t\t\t<div class=\"elementor-widget-container\">\n\t\t\t\t\t\t\t<div class=\"elementor-image-carousel-wrapper swiper\" role=\"region\" aria-roledescription=\"carousel\" aria-label=\"Carrousel afbeelding\" dir=\"ltr\">\n\t\t\t<div class=\"elementor-image-carousel swiper-wrapper\" aria-live=\"off\">\n\t\t\t\t\t\t\t\t<div class=\"swiper-slide\" role=\"group\" aria-roledescription=\"slide\" aria-label=\"1 sur 12\"><a data-elementor-open-lightbox=\"yes\" data-elementor-lightbox-slideshow=\"c977f73\" data-elementor-lightbox-title=\"WhatsApp Image 2025-04-11 at 08.55.33\" data-e-action-hash=\"#elementor-action%3Aaction%3Dlightbox%26settings%3DeyJpZCI6MTU4NiwidXJsIjoiaHR0cHM6XC9cL2FicmFtZW4uYmVcL3dwLWNvbnRlbnRcL3VwbG9hZHNcL1doYXRzQXBwLUltYWdlLTIwMjUtMDQtMTEtYXQtMDguNTUuMzMuanBlZyIsInNsaWRlc2hvdyI6ImM5NzdmNzMifQ%3D%3D\" href=\"https:\/\/abramen.be\/wp-content\/uploads\/WhatsApp-Image-2025-04-11-at-08.55.33.jpeg\"><figure class=\"swiper-slide-inner\"><img decoding=\"async\" class=\"swiper-slide-image\" src=\"https:\/\/abramen.be\/wp-content\/uploads\/elementor\/thumbs\/WhatsApp-Image-2025-04-11-at-08.55.33-r4k5s3r8b74ibyj617gmnhs34jaoovv4c0bdox0vdw.jpeg\" alt=\"WhatsApp Image 2025-04-11 at 08.55.33\" \/><\/figure><\/a><\/div><div class=\"swiper-slide\" role=\"group\" aria-roledescription=\"slide\" aria-label=\"2 sur 12\"><a data-elementor-open-lightbox=\"yes\" data-elementor-lightbox-slideshow=\"c977f73\" data-elementor-lightbox-title=\"WhatsApp Image 2025-04-11 at 16.31.49 (2)\" data-e-action-hash=\"#elementor-action%3Aaction%3Dlightbox%26settings%3DeyJpZCI6MTYxMywidXJsIjoiaHR0cHM6XC9cL2FicmFtZW4uYmVcL3dwLWNvbnRlbnRcL3VwbG9hZHNcL1doYXRzQXBwLUltYWdlLTIwMjUtMDQtMTEtYXQtMTYuMzEuNDktMi5qcGVnIiwic2xpZGVzaG93IjoiYzk3N2Y3MyJ9\" href=\"https:\/\/abramen.be\/wp-content\/uploads\/WhatsApp-Image-2025-04-11-at-16.31.49-2.jpeg\"><figure class=\"swiper-slide-inner\"><img decoding=\"async\" class=\"swiper-slide-image\" src=\"https:\/\/abramen.be\/wp-content\/uploads\/elementor\/thumbs\/WhatsApp-Image-2025-04-11-at-16.31.49-2-r4k6d1lskbsgz845r9bf77jrjk3264zujnisktz4ro.jpeg\" alt=\"WhatsApp Image 2025-04-11 at 16.31.49 (2)\" \/><\/figure><\/a><\/div><div class=\"swiper-slide\" role=\"group\" aria-roledescription=\"slide\" aria-label=\"3 sur 12\"><a data-elementor-open-lightbox=\"yes\" data-elementor-lightbox-slideshow=\"c977f73\" data-elementor-lightbox-title=\"IMG-20201102-WA0004\" data-e-action-hash=\"#elementor-action%3Aaction%3Dlightbox%26settings%3DeyJpZCI6MTQ2NywidXJsIjoiaHR0cHM6XC9cL2FicmFtZW4uYmVcL3dwLWNvbnRlbnRcL3VwbG9hZHNcL0lNRy0yMDIwMTEwMi1XQTAwMDQuanBnIiwic2xpZGVzaG93IjoiYzk3N2Y3MyJ9\" href=\"https:\/\/abramen.be\/wp-content\/uploads\/IMG-20201102-WA0004.jpg\"><figure class=\"swiper-slide-inner\"><img decoding=\"async\" class=\"swiper-slide-image\" src=\"https:\/\/abramen.be\/wp-content\/uploads\/elementor\/thumbs\/IMG-20201102-WA0004-r3xbschyta8nse7l409ncvch1laueen16equgt0mp0.jpg\" alt=\"IMG-20201102-WA0004\" \/><\/figure><\/a><\/div><div class=\"swiper-slide\" role=\"group\" aria-roledescription=\"slide\" aria-label=\"4 sur 12\"><a data-elementor-open-lightbox=\"yes\" data-elementor-lightbox-slideshow=\"c977f73\" data-elementor-lightbox-title=\"20210817_132632\" data-e-action-hash=\"#elementor-action%3Aaction%3Dlightbox%26settings%3DeyJpZCI6MTQ2MiwidXJsIjoiaHR0cHM6XC9cL2FicmFtZW4uYmVcL3dwLWNvbnRlbnRcL3VwbG9hZHNcLzIwMjEwODE3XzEzMjYzMi1zY2FsZWQuanBnIiwic2xpZGVzaG93IjoiYzk3N2Y3MyJ9\" href=\"https:\/\/abramen.be\/wp-content\/uploads\/20210817_132632-scaled.jpg\"><figure class=\"swiper-slide-inner\"><img decoding=\"async\" class=\"swiper-slide-image\" src=\"https:\/\/abramen.be\/wp-content\/uploads\/elementor\/thumbs\/20210817_132632-scaled-r3xbqb6k07gamt6304kqyduipjc7q0jywbuz181c6c.jpg\" alt=\"menuiserie sur mesure\" \/><\/figure><\/a><\/div><div class=\"swiper-slide\" role=\"group\" aria-roledescription=\"slide\" aria-label=\"5 sur 12\"><a data-elementor-open-lightbox=\"yes\" data-elementor-lightbox-slideshow=\"c977f73\" data-elementor-lightbox-title=\"20210527_111219\" data-e-action-hash=\"#elementor-action%3Aaction%3Dlightbox%26settings%3DeyJpZCI6MTQ2MSwidXJsIjoiaHR0cHM6XC9cL2FicmFtZW4uYmVcL3dwLWNvbnRlbnRcL3VwbG9hZHNcLzIwMjEwNTI3XzExMTIxOS0xLXNjYWxlZC5qcGciLCJzbGlkZXNob3ciOiJjOTc3ZjczIn0%3D\" href=\"https:\/\/abramen.be\/wp-content\/uploads\/20210527_111219-1-scaled.jpg\"><figure class=\"swiper-slide-inner\"><img decoding=\"async\" class=\"swiper-slide-image\" src=\"https:\/\/abramen.be\/wp-content\/uploads\/elementor\/thumbs\/20210527_111219-1-scaled-r3xbq9avmjdpzl8tb3rhteblirlhamci82k02o44is.jpg\" alt=\"20210527_111219\" \/><\/figure><\/a><\/div><div class=\"swiper-slide\" role=\"group\" aria-roledescription=\"slide\" aria-label=\"6 sur 12\"><a data-elementor-open-lightbox=\"yes\" data-elementor-lightbox-slideshow=\"c977f73\" data-elementor-lightbox-title=\"20210527_100040\" data-e-action-hash=\"#elementor-action%3Aaction%3Dlightbox%26settings%3DeyJpZCI6MTQ2MCwidXJsIjoiaHR0cHM6XC9cL2FicmFtZW4uYmVcL3dwLWNvbnRlbnRcL3VwbG9hZHNcLzIwMjEwNTI3XzEwMDA0MC0xLXNjYWxlZC5qcGciLCJzbGlkZXNob3ciOiJjOTc3ZjczIn0%3D\" href=\"https:\/\/abramen.be\/wp-content\/uploads\/20210527_100040-1-scaled.jpg\"><figure class=\"swiper-slide-inner\"><img decoding=\"async\" class=\"swiper-slide-image\" src=\"https:\/\/abramen.be\/wp-content\/uploads\/elementor\/thumbs\/20210527_100040-1-scaled-r3xbq8d1fpcfnza6glcv8wk4xdq42x8rvxwile5ip0.jpg\" alt=\"20210527_100040\" \/><\/figure><\/a><\/div><div class=\"swiper-slide\" role=\"group\" aria-roledescription=\"slide\" aria-label=\"7 sur 12\"><a data-elementor-open-lightbox=\"yes\" data-elementor-lightbox-slideshow=\"c977f73\" data-elementor-lightbox-title=\"durabrik5\" data-e-action-hash=\"#elementor-action%3Aaction%3Dlightbox%26settings%3DeyJpZCI6MTQyNCwidXJsIjoiaHR0cHM6XC9cL2FicmFtZW4uYmVcL3dwLWNvbnRlbnRcL3VwbG9hZHNcL2R1cmFicmlrNS1zY2FsZWQuanBnIiwic2xpZGVzaG93IjoiYzk3N2Y3MyJ9\" href=\"https:\/\/abramen.be\/wp-content\/uploads\/durabrik5-scaled.jpg\"><figure class=\"swiper-slide-inner\"><img decoding=\"async\" class=\"swiper-slide-image\" src=\"https:\/\/abramen.be\/wp-content\/uploads\/elementor\/thumbs\/durabrik5-scaled-r3x93vcbcg6658cjgsz5xpsa2utlcsmu8w7q7e2bc4.jpg\" alt=\"durabrik5\" \/><\/figure><\/a><\/div><div class=\"swiper-slide\" role=\"group\" aria-roledescription=\"slide\" aria-label=\"8 sur 12\"><a data-elementor-open-lightbox=\"yes\" data-elementor-lightbox-slideshow=\"c977f73\" data-elementor-lightbox-title=\"2013-12-13-14.56.02\" data-e-action-hash=\"#elementor-action%3Aaction%3Dlightbox%26settings%3DeyJpZCI6MTQxMCwidXJsIjoiaHR0cHM6XC9cL2FicmFtZW4uYmVcL3dwLWNvbnRlbnRcL3VwbG9hZHNcLzIwMTMtMTItMTMtMTQuNTYuMDItc2NhbGVkLmpwZyIsInNsaWRlc2hvdyI6ImM5NzdmNzMifQ%3D%3D\" href=\"https:\/\/abramen.be\/wp-content\/uploads\/2013-12-13-14.56.02-scaled.jpg\"><figure class=\"swiper-slide-inner\"><img decoding=\"async\" class=\"swiper-slide-image\" src=\"https:\/\/abramen.be\/wp-content\/uploads\/elementor\/thumbs\/2013-12-13-14.56.02-scaled-r3x4ggb62qzm9jj52frbtyop4802djzxw96d16anl0.jpg\" alt=\"2013-12-13-14.56.02\" \/><\/figure><\/a><\/div><div class=\"swiper-slide\" role=\"group\" aria-roledescription=\"slide\" aria-label=\"9 sur 12\"><a data-elementor-open-lightbox=\"yes\" data-elementor-lightbox-slideshow=\"c977f73\" data-elementor-lightbox-title=\"WhatsApp Image 2025-04-11 at 08.55.30 (1)\" data-e-action-hash=\"#elementor-action%3Aaction%3Dlightbox%26settings%3DeyJpZCI6MTU5MCwidXJsIjoiaHR0cHM6XC9cL2FicmFtZW4uYmVcL3dwLWNvbnRlbnRcL3VwbG9hZHNcL1doYXRzQXBwLUltYWdlLTIwMjUtMDQtMTEtYXQtMDguNTUuMzAtMS5qcGVnIiwic2xpZGVzaG93IjoiYzk3N2Y3MyJ9\" href=\"https:\/\/abramen.be\/wp-content\/uploads\/WhatsApp-Image-2025-04-11-at-08.55.30-1.jpeg\"><figure class=\"swiper-slide-inner\"><img decoding=\"async\" class=\"swiper-slide-image\" src=\"https:\/\/abramen.be\/wp-content\/uploads\/elementor\/thumbs\/WhatsApp-Image-2025-04-11-at-08.55.30-1-r4k5s6kqvp8dasf2kqoicz2gwowsbz6bce9u4qwov8.jpeg\" alt=\"WhatsApp Image 2025-04-11 at 08.55.30 (1)\" \/><\/figure><\/a><\/div><div class=\"swiper-slide\" role=\"group\" aria-roledescription=\"slide\" aria-label=\"10 sur 12\"><a data-elementor-open-lightbox=\"yes\" data-elementor-lightbox-slideshow=\"c977f73\" data-elementor-lightbox-title=\"WhatsApp Image 2025-04-11 at 16.31.50 (4)\" data-e-action-hash=\"#elementor-action%3Aaction%3Dlightbox%26settings%3DeyJpZCI6MTYyMSwidXJsIjoiaHR0cHM6XC9cL2FicmFtZW4uYmVcL3dwLWNvbnRlbnRcL3VwbG9hZHNcL1doYXRzQXBwLUltYWdlLTIwMjUtMDQtMTEtYXQtMTYuMzEuNTAtNC5qcGVnIiwic2xpZGVzaG93IjoiYzk3N2Y3MyJ9\" href=\"https:\/\/abramen.be\/wp-content\/uploads\/WhatsApp-Image-2025-04-11-at-16.31.50-4.jpeg\"><figure class=\"swiper-slide-inner\"><img decoding=\"async\" class=\"swiper-slide-image\" src=\"https:\/\/abramen.be\/wp-content\/uploads\/elementor\/thumbs\/WhatsApp-Image-2025-04-11-at-16.31.50-4-r4k6d94i302rk3t8jckfr5ngan1zvptp8oqof1nzdw.jpeg\" alt=\"WhatsApp Image 2025-04-11 at 16.31.50 (4)\" \/><\/figure><\/a><\/div><div class=\"swiper-slide\" role=\"group\" aria-roledescription=\"slide\" aria-label=\"11 sur 12\"><a data-elementor-open-lightbox=\"yes\" data-elementor-lightbox-slideshow=\"c977f73\" data-elementor-lightbox-title=\"WhatsApp Image 2025-04-11 at 08.58.41\" data-e-action-hash=\"#elementor-action%3Aaction%3Dlightbox%26settings%3DeyJpZCI6MTU5OCwidXJsIjoiaHR0cHM6XC9cL2FicmFtZW4uYmVcL3dwLWNvbnRlbnRcL3VwbG9hZHNcL1doYXRzQXBwLUltYWdlLTIwMjUtMDQtMTEtYXQtMDguNTguNDEuanBlZyIsInNsaWRlc2hvdyI6ImM5NzdmNzMifQ%3D%3D\" href=\"https:\/\/abramen.be\/wp-content\/uploads\/WhatsApp-Image-2025-04-11-at-08.58.41.jpeg\"><figure class=\"swiper-slide-inner\"><img decoding=\"async\" class=\"swiper-slide-image\" src=\"https:\/\/abramen.be\/wp-content\/uploads\/elementor\/thumbs\/WhatsApp-Image-2025-04-11-at-08.58.41-r4k6cqbqabd13wkjl4fwdae8exmnlrr2i3oytifuuc.jpeg\" alt=\"WhatsApp Image 2025-04-11 at 08.58.41\" \/><\/figure><\/a><\/div><div class=\"swiper-slide\" role=\"group\" aria-roledescription=\"slide\" aria-label=\"12 sur 12\"><a data-elementor-open-lightbox=\"yes\" data-elementor-lightbox-slideshow=\"c977f73\" data-elementor-lightbox-title=\"WhatsApp Image 2025-04-11 at 08.58.49 (1)\" data-e-action-hash=\"#elementor-action%3Aaction%3Dlightbox%26settings%3DeyJpZCI6MTYwNywidXJsIjoiaHR0cHM6XC9cL2FicmFtZW4uYmVcL3dwLWNvbnRlbnRcL3VwbG9hZHNcL1doYXRzQXBwLUltYWdlLTIwMjUtMDQtMTEtYXQtMDguNTguNDktMS5qcGVnIiwic2xpZGVzaG93IjoiYzk3N2Y3MyJ9\" href=\"https:\/\/abramen.be\/wp-content\/uploads\/WhatsApp-Image-2025-04-11-at-08.58.49-1.jpeg\"><figure class=\"swiper-slide-inner\"><img decoding=\"async\" class=\"swiper-slide-image\" src=\"https:\/\/abramen.be\/wp-content\/uploads\/elementor\/thumbs\/WhatsApp-Image-2025-04-11-at-08.58.49-1-r4k6cwwlm5m1d6azipaacqqgkmq83nh6v09d6g63ms.jpeg\" alt=\"WhatsApp Image 2025-04-11 at 08.58.49 (1)\" \/><\/figure><\/a><\/div>\t\t\t<\/div>\n\t\t\t\t\t\t\t\t\t\t\t\t<div class=\"elementor-swiper-button elementor-swiper-button-prev\" role=\"button\" tabindex=\"0\">\n\t\t\t\t\t\t<i aria-hidden=\"true\" class=\"eicon-chevron-left\"><\/i>\t\t\t\t\t<\/div>\n\t\t\t\t\t<div class=\"elementor-swiper-button elementor-swiper-button-next\" role=\"button\" tabindex=\"0\">\n\t\t\t\t\t\t<i aria-hidden=\"true\" class=\"eicon-chevron-right\"><\/i>\t\t\t\t\t<\/div>\n\t\t\t\t\n\t\t\t\t\t\t\t\t\t<div class=\"swiper-pagination\"><\/div>\n\t\t\t\t\t\t\t\t\t<\/div>\n\t\t\t\t\t\t<\/div>\n\t\t\t\t<\/div>\n\t\t\t\t<\/div>\n\t\t<div class=\"elementor-element elementor-element-6c9904f e-con-full e-flex wpr-particle-no wpr-jarallax-no wpr-parallax-no wpr-sticky-section-no wpr-equal-height-no e-con e-child\" data-id=\"6c9904f\" data-element_type=\"container\" data-e-type=\"container\">\n\t\t\t\t<div class=\"elementor-element elementor-element-169c8d8 elementor-invisible elementor-widget elementor-widget-heading\" data-id=\"169c8d8\" data-element_type=\"widget\" data-e-type=\"widget\" data-settings=\"{&quot;_animation&quot;:&quot;fadeInDown&quot;}\" data-widget_type=\"heading.default\">\n\t\t\t\t<div class=\"elementor-widget-container\">\n\t\t\t\t\t<h2 class=\"elementor-heading-title elementor-size-default\">Abramen, votre partenaire de confiance<\/h2>\t\t\t\t<\/div>\n\t\t\t\t<\/div>\n\t\t\t\t<div class=\"elementor-element elementor-element-59da5de elementor-invisible elementor-widget elementor-widget-text-editor\" data-id=\"59da5de\" data-element_type=\"widget\" data-e-type=\"widget\" data-settings=\"{&quot;_animation&quot;:&quot;fadeIn&quot;}\" data-widget_type=\"text-editor.default\">\n\t\t\t\t<div class=\"elementor-widget-container\">\n\t\t\t\t\t\t\t\t\t<p>Fond\u00e9e en 2010 par Dorel Afrasini et Vasile Solovastru, Abramen est n\u00e9e d\u2019une passion commune pour l\u2019excellence artisanale.<br \/>Avec plus de 15 ans d\u2019exp\u00e9rience dans la <a href=\"https:\/\/abramen.be\/portes-interieures-et-exterieures\/\">menuiserie int\u00e9rieure<\/a> et ext\u00e9rieure, nous accompagnons aussi bien les particuliers que les entreprises dans leurs projets de construction et de r\u00e9novation.<br \/>Notre engagement : vous offrir un travail sur mesure, des mat\u00e9riaux de qualit\u00e9, et un accompagnement personnalis\u00e9 du premier contact \u00e0 la r\u00e9alisation finale.<\/p>\t\t\t\t\t\t\t\t<\/div>\n\t\t\t\t<\/div>\n\t\t\t\t<div class=\"elementor-element elementor-element-a1fa5a1 elementor-icon-list--layout-traditional elementor-list-item-link-full_width elementor-widget elementor-widget-icon-list\" data-id=\"a1fa5a1\" data-element_type=\"widget\" data-e-type=\"widget\" data-widget_type=\"icon-list.default\">\n\t\t\t\t<div class=\"elementor-widget-container\">\n\t\t\t\t\t\t\t<ul class=\"elementor-icon-list-items\">\n\t\t\t\t\t\t\t<li class=\"elementor-icon-list-item\">\n\t\t\t\t\t\t\t\t\t\t\t<a href=\"https:\/\/abramen.be\/nl\/portes-interieures-et-exterieures\/\">\n\n\t\t\t\t\t\t\t\t\t\t\t\t<span class=\"elementor-icon-list-icon\">\n\t\t\t\t\t\t\t<i aria-hidden=\"true\" class=\"fas fa-dot-circle\"><\/i>\t\t\t\t\t\t<\/span>\n\t\t\t\t\t\t\t\t\t\t<span class=\"elementor-icon-list-text\">Portes int\u00e9rieures et ext\u00e9rieures<\/span>\n\t\t\t\t\t\t\t\t\t\t\t<\/a>\n\t\t\t\t\t\t\t\t\t<\/li>\n\t\t\t\t\t\t\t\t<li class=\"elementor-icon-list-item\">\n\t\t\t\t\t\t\t\t\t\t\t<a href=\"https:\/\/abramen.be\/nl\/fenetres\/\">\n\n\t\t\t\t\t\t\t\t\t\t\t\t<span class=\"elementor-icon-list-icon\">\n\t\t\t\t\t\t\t<i aria-hidden=\"true\" class=\"fas fa-dot-circle\"><\/i>\t\t\t\t\t\t<\/span>\n\t\t\t\t\t\t\t\t\t\t<span class=\"elementor-icon-list-text\">Fen\u00eatres en aluminium et PVC<\/span>\n\t\t\t\t\t\t\t\t\t\t\t<\/a>\n\t\t\t\t\t\t\t\t\t<\/li>\n\t\t\t\t\t\t\t\t<li class=\"elementor-icon-list-item\">\n\t\t\t\t\t\t\t\t\t\t\t<a href=\"https:\/\/abramen.be\/nl\/cuisines\/\">\n\n\t\t\t\t\t\t\t\t\t\t\t\t<span class=\"elementor-icon-list-icon\">\n\t\t\t\t\t\t\t<i aria-hidden=\"true\" class=\"fas fa-dot-circle\"><\/i>\t\t\t\t\t\t<\/span>\n\t\t\t\t\t\t\t\t\t\t<span class=\"elementor-icon-list-text\">Cuisines sur mesure<\/span>\n\t\t\t\t\t\t\t\t\t\t\t<\/a>\n\t\t\t\t\t\t\t\t\t<\/li>\n\t\t\t\t\t\t\t\t<li class=\"elementor-icon-list-item\">\n\t\t\t\t\t\t\t\t\t\t\t<a href=\"https:\/\/abramen.be\/nl\/mobilier-sur-mesure\/\">\n\n\t\t\t\t\t\t\t\t\t\t\t\t<span class=\"elementor-icon-list-icon\">\n\t\t\t\t\t\t\t<i aria-hidden=\"true\" class=\"fas fa-dot-circle\"><\/i>\t\t\t\t\t\t<\/span>\n\t\t\t\t\t\t\t\t\t\t<span class=\"elementor-icon-list-text\">Mobilier sur mesure<\/span>\n\t\t\t\t\t\t\t\t\t\t\t<\/a>\n\t\t\t\t\t\t\t\t\t<\/li>\n\t\t\t\t\t\t\t\t<li class=\"elementor-icon-list-item\">\n\t\t\t\t\t\t\t\t\t\t\t<a href=\"https:\/\/abramen.be\/nl\/terrasse\/\">\n\n\t\t\t\t\t\t\t\t\t\t\t\t<span class=\"elementor-icon-list-icon\">\n\t\t\t\t\t\t\t<i aria-hidden=\"true\" class=\"fas fa-dot-circle\"><\/i>\t\t\t\t\t\t<\/span>\n\t\t\t\t\t\t\t\t\t\t<span class=\"elementor-icon-list-text\">Terrasses en bois ou composite<\/span>\n\t\t\t\t\t\t\t\t\t\t\t<\/a>\n\t\t\t\t\t\t\t\t\t<\/li>\n\t\t\t\t\t\t\t\t<li class=\"elementor-icon-list-item\">\n\t\t\t\t\t\t\t\t\t\t\t<a href=\"https:\/\/abramen.be\/nl\/parquet\/\">\n\n\t\t\t\t\t\t\t\t\t\t\t\t<span class=\"elementor-icon-list-icon\">\n\t\t\t\t\t\t\t<i aria-hidden=\"true\" class=\"fas fa-dot-circle\"><\/i>\t\t\t\t\t\t<\/span>\n\t\t\t\t\t\t\t\t\t\t<span class=\"elementor-icon-list-text\">Pose de parquet<\/span>\n\t\t\t\t\t\t\t\t\t\t\t<\/a>\n\t\t\t\t\t\t\t\t\t<\/li>\n\t\t\t\t\t\t\t\t<li class=\"elementor-icon-list-item\">\n\t\t\t\t\t\t\t\t\t\t\t<a href=\"https:\/\/abramen.be\/nl\/placards-sur-mesure\/\">\n\n\t\t\t\t\t\t\t\t\t\t\t\t<span class=\"elementor-icon-list-icon\">\n\t\t\t\t\t\t\t<i aria-hidden=\"true\" class=\"fas fa-dot-circle\"><\/i>\t\t\t\t\t\t<\/span>\n\t\t\t\t\t\t\t\t\t\t<span class=\"elementor-icon-list-text\">Placards et rangements sur mesure<\/span>\n\t\t\t\t\t\t\t\t\t\t\t<\/a>\n\t\t\t\t\t\t\t\t\t<\/li>\n\t\t\t\t\t\t<\/ul>\n\t\t\t\t\t\t<\/div>\n\t\t\t\t<\/div>\n\t\t\t\t<div class=\"elementor-element elementor-element-23ead0d elementor-align-center elementor-invisible elementor-widget elementor-widget-button\" data-id=\"23ead0d\" data-element_type=\"widget\" data-e-type=\"widget\" data-settings=\"{&quot;_animation&quot;:&quot;fadeIn&quot;}\" data-widget_type=\"button.default\">\n\t\t\t\t<div class=\"elementor-widget-container\">\n\t\t\t\t\t\t\t\t\t<div class=\"elementor-button-wrapper\">\n\t\t\t\t\t<a class=\"elementor-button elementor-button-link elementor-size-sm elementor-animation-grow\" href=\"https:\/\/abramen.be\/nl\/contact\/\">\n\t\t\t\t\t\t<span class=\"elementor-button-content-wrapper\">\n\t\t\t\t\t\t\t\t\t<span class=\"elementor-button-text\">contact<\/span>\n\t\t\t\t\t<\/span>\n\t\t\t\t\t<\/a>\n\t\t\t\t<\/div>\n\t\t\t\t\t\t\t\t<\/div>\n\t\t\t\t<\/div>\n\t\t\t\t<\/div>\n\t\t\t\t\t<\/div>\n\t\t\t\t<\/div>\n\t\t<div class=\"elementor-element elementor-element-210ed6b e-flex e-con-boxed wpr-particle-no wpr-jarallax-no wpr-parallax-no wpr-sticky-section-no wpr-equal-height-no e-con e-parent\" data-id=\"210ed6b\" data-element_type=\"container\" data-e-type=\"container\" data-settings=\"{&quot;background_background&quot;:&quot;classic&quot;}\">\n\t\t\t\t\t<div class=\"e-con-inner\">\n\t\t<div class=\"elementor-element elementor-element-8211590 e-con-full e-flex wpr-particle-no wpr-jarallax-no wpr-parallax-no wpr-sticky-section-no wpr-equal-height-no e-con e-child\" data-id=\"8211590\" data-element_type=\"container\" data-e-type=\"container\">\n\t\t\t\t<div class=\"elementor-element elementor-element-544f6f4 elementor-invisible elementor-widget elementor-widget-heading\" data-id=\"544f6f4\" data-element_type=\"widget\" data-e-type=\"widget\" data-settings=\"{&quot;_animation&quot;:&quot;zoomIn&quot;}\" data-widget_type=\"heading.default\">\n\t\t\t\t<div class=\"elementor-widget-container\">\n\t\t\t\t\t<h1 class=\"elementor-heading-title elementor-size-default\">Une id\u00e9e, un projet ? Contactez-nous !<\/h1>\t\t\t\t<\/div>\n\t\t\t\t<\/div>\n\t\t\t\t<div class=\"elementor-element elementor-element-539621f elementor-widget elementor-widget-text-editor\" data-id=\"539621f\" data-element_type=\"widget\" data-e-type=\"widget\" data-widget_type=\"text-editor.default\">\n\t\t\t\t<div class=\"elementor-widget-container\">\n\t\t\t\t\t\t\t\t\tVous avez un projet de menuiserie ou besoin de conseils personnalis\u00e9s ?\nNotre \u00e9quipe est \u00e0 votre \u00e9coute pour vous accompagner et vous proposer un devis gratuit.\t\t\t\t\t\t\t\t<\/div>\n\t\t\t\t<\/div>\n\t\t\t\t<div class=\"elementor-element elementor-element-2968cdd envato-kit-30-div-rotate elementor-widget-divider--view-line elementor-invisible elementor-widget elementor-widget-divider\" data-id=\"2968cdd\" data-element_type=\"widget\" data-e-type=\"widget\" data-settings=\"{&quot;_animation&quot;:&quot;fadeIn&quot;}\" data-widget_type=\"divider.default\">\n\t\t\t\t<div class=\"elementor-widget-container\">\n\t\t\t\t\t\t\t<div class=\"elementor-divider\">\n\t\t\t<span class=\"elementor-divider-separator\">\n\t\t\t\t\t\t<\/span>\n\t\t<\/div>\n\t\t\t\t\t\t<\/div>\n\t\t\t\t<\/div>\n\t\t\t\t<div class=\"elementor-element elementor-element-ebd41b2 elementor-align-center elementor-invisible elementor-widget elementor-widget-button\" data-id=\"ebd41b2\" data-element_type=\"widget\" data-e-type=\"widget\" data-settings=\"{&quot;_animation&quot;:&quot;fadeInUp&quot;}\" data-widget_type=\"button.default\">\n\t\t\t\t<div class=\"elementor-widget-container\">\n\t\t\t\t\t\t\t\t\t<div class=\"elementor-button-wrapper\">\n\t\t\t\t\t<a class=\"elementor-button elementor-button-link elementor-size-sm elementor-animation-sink\" href=\"https:\/\/abramen.be\/nl\/contact\/\">\n\t\t\t\t\t\t<span class=\"elementor-button-content-wrapper\">\n\t\t\t\t\t\t\t\t\t<span class=\"elementor-button-text\"> Demander un devis gratuit<\/span>\n\t\t\t\t\t<\/span>\n\t\t\t\t\t<\/a>\n\t\t\t\t<\/div>\n\t\t\t\t\t\t\t\t<\/div>\n\t\t\t\t<\/div>\n\t\t\t\t<\/div>\n\t\t\t\t\t<\/div>\n\t\t\t\t<\/div>\n\t\t\t\t<\/div>\n\t\t","protected":false},"excerpt":{"rendered":"<p>D\u00e9couvrez Abramen Depuis 2010, nous r\u00e9alisons vos projets de menuiserie int\u00e9rieure et ext\u00e9rieure avec passion, exigence et savoir-faire. Abramen, votre partenaire de confiance Fond\u00e9e en 2010 par Dorel Afrasini et Vasile Solovastru, Abramen est n\u00e9e d\u2019une passion commune pour l\u2019excellence artisanale.Avec plus de 15 ans d\u2019exp\u00e9rience dans la menuiserie int\u00e9rieure et ext\u00e9rieure, nous accompagnons aussi bien les particuliers que les entreprises dans leurs projets de construction et de r\u00e9novation.Notre engagement : vous offrir un travail sur mesure, des mat\u00e9riaux de qualit\u00e9, et un accompagnement personnalis\u00e9 du premier contact \u00e0 la r\u00e9alisation finale. Portes int\u00e9rieures et ext\u00e9rieures Fen\u00eatres en aluminium et PVC Cuisines sur mesure Mobilier sur mesure Terrasses en bois ou composite Pose de parquet Placards et rangements sur mesure contact Une id\u00e9e, un projet ? Contactez-nous ! Vous avez un projet de menuiserie ou besoin de conseils personnalis\u00e9s ? Notre \u00e9quipe est \u00e0 votre \u00e9coute pour vous accompagner et vous proposer un devis gratuit. Demander un devis gratuit<\/p>","protected":false},"author":3,"featured_media":1325,"parent":0,"menu_order":0,"comment_status":"closed","ping_status":"closed","template":"elementor_header_footer","meta":{"_acf_changed":false,"footnotes":""},"class_list":["post-178","page","type-page","status-publish","has-post-thumbnail","hentry"],"acf":[],"_links":{"self":[{"href":"https:\/\/abramen.be\/nl\/wp-json\/wp\/v2\/pages\/178","targetHints":{"allow":["GET"]}}],"collection":[{"href":"https:\/\/abramen.be\/nl\/wp-json\/wp\/v2\/pages"}],"about":[{"href":"https:\/\/abramen.be\/nl\/wp-json\/wp\/v2\/types\/page"}],"author":[{"embeddable":true,"href":"https:\/\/abramen.be\/nl\/wp-json\/wp\/v2\/users\/3"}],"replies":[{"embeddable":true,"href":"https:\/\/abramen.be\/nl\/wp-json\/wp\/v2\/comments?post=178"}],"version-history":[{"count":29,"href":"https:\/\/abramen.be\/nl\/wp-json\/wp\/v2\/pages\/178\/revisions"}],"predecessor-version":[{"id":1944,"href":"https:\/\/abramen.be\/nl\/wp-json\/wp\/v2\/pages\/178\/revisions\/1944"}],"wp:featuredmedia":[{"embeddable":true,"href":"https:\/\/abramen.be\/nl\/wp-json\/wp\/v2\/media\/1325"}],"wp:attachment":[{"href":"https:\/\/abramen.be\/nl\/wp-json\/wp\/v2\/media?parent=178"}],"curies":[{"name":"wp","href":"https:\/\/api.w.org\/{rel}","templated":true}]}}