{"id":914,"date":"2023-02-10T11:07:36","date_gmt":"2023-02-10T11:07:36","guid":{"rendered":"https:\/\/abramen.be\/?page_id=914"},"modified":"2025-05-08T19:57:21","modified_gmt":"2025-05-08T19:57:21","slug":"placards-sur-mesure","status":"publish","type":"page","link":"https:\/\/abramen.be\/nl\/placards-sur-mesure\/","title":{"rendered":"Inbouwkasten op maat"},"content":{"rendered":"<div data-elementor-type=\"wp-page\" data-elementor-id=\"914\" class=\"elementor elementor-914\" data-elementor-post-type=\"page\">\n\t\t\t\t<div class=\"elementor-element elementor-element-79aee94 e-flex e-con-boxed wpr-particle-no wpr-jarallax-no wpr-parallax-no wpr-sticky-section-no wpr-equal-height-no e-con e-parent\" data-id=\"79aee94\" data-element_type=\"container\" data-e-type=\"container\" data-settings=\"{&quot;background_background&quot;:&quot;classic&quot;}\">\n\t\t\t\t\t<div class=\"e-con-inner\">\n\t\t<div class=\"elementor-element elementor-element-f0f1e89 e-con-full e-flex wpr-particle-no wpr-jarallax-no wpr-parallax-no wpr-sticky-section-no wpr-equal-height-no e-con e-child\" data-id=\"f0f1e89\" data-element_type=\"container\" data-e-type=\"container\">\n\t\t\t\t<div class=\"elementor-element elementor-element-6af60fc elementor-invisible elementor-widget elementor-widget-heading\" data-id=\"6af60fc\" data-element_type=\"widget\" data-e-type=\"widget\" data-settings=\"{&quot;_animation&quot;:&quot;zoomIn&quot;}\" data-widget_type=\"heading.default\">\n\t\t\t\t<div class=\"elementor-widget-container\">\n\t\t\t\t\t<h1 class=\"elementor-heading-title elementor-size-default\">Maatwerkkasten in Belgi\u00eb: optimalisatie en elegantie<\/h1>\t\t\t\t<\/div>\n\t\t\t\t<\/div>\n\t\t\t\t<div class=\"elementor-element elementor-element-5a67fd8 elementor-widget elementor-widget-text-editor\" data-id=\"5a67fd8\" data-element_type=\"widget\" data-e-type=\"widget\" data-widget_type=\"text-editor.default\">\n\t\t\t\t<div class=\"elementor-widget-container\">\n\t\t\t\t\t\t\t\t\tOptimaliseer uw leefruimte met op maat gemaakte kasten, ontworpen om esthetiek, functionaliteit en duurzaamheid te combineren. Vertrouw op het vakmanschap van ABRAMEN.\t\t\t\t\t\t\t\t<\/div>\n\t\t\t\t<\/div>\n\t\t\t\t<div class=\"elementor-element elementor-element-78530e9 envato-kit-30-div-rotate elementor-widget-divider--view-line elementor-invisible elementor-widget elementor-widget-divider\" data-id=\"78530e9\" data-element_type=\"widget\" data-e-type=\"widget\" data-settings=\"{&quot;_animation&quot;:&quot;fadeIn&quot;}\" data-widget_type=\"divider.default\">\n\t\t\t\t<div class=\"elementor-widget-container\">\n\t\t\t\t\t\t\t<div class=\"elementor-divider\">\n\t\t\t<span class=\"elementor-divider-separator\">\n\t\t\t\t\t\t<\/span>\n\t\t<\/div>\n\t\t\t\t\t\t<\/div>\n\t\t\t\t<\/div>\n\t\t\t\t<\/div>\n\t\t\t\t\t<\/div>\n\t\t\t\t<\/div>\n\t\t<div class=\"elementor-element elementor-element-b7f0961 e-flex e-con-boxed wpr-particle-no wpr-jarallax-no wpr-parallax-no wpr-sticky-section-no wpr-equal-height-no e-con e-parent\" data-id=\"b7f0961\" data-element_type=\"container\" data-e-type=\"container\">\n\t\t\t\t\t<div class=\"e-con-inner\">\n\t\t<div class=\"elementor-element elementor-element-7f85c01 e-con-full e-flex wpr-particle-no wpr-jarallax-no wpr-parallax-no wpr-sticky-section-no wpr-equal-height-no e-con e-child\" data-id=\"7f85c01\" data-element_type=\"container\" data-e-type=\"container\">\n\t\t\t\t<div class=\"elementor-element elementor-element-257e69d elementor-arrows-position-outside elementor-widget elementor-widget-image-carousel\" data-id=\"257e69d\" data-element_type=\"widget\" data-e-type=\"widget\" data-settings=\"{&quot;slides_to_show&quot;:&quot;1&quot;,&quot;navigation&quot;:&quot;arrows&quot;,&quot;autoplay&quot;:&quot;yes&quot;,&quot;pause_on_hover&quot;:&quot;yes&quot;,&quot;pause_on_interaction&quot;:&quot;yes&quot;,&quot;autoplay_speed&quot;:5000,&quot;infinite&quot;:&quot;yes&quot;,&quot;effect&quot;:&quot;slide&quot;,&quot;speed&quot;:500}\" data-widget_type=\"image-carousel.default\">\n\t\t\t\t<div class=\"elementor-widget-container\">\n\t\t\t\t\t\t\t<div class=\"elementor-image-carousel-wrapper swiper\" role=\"region\" aria-roledescription=\"carousel\" aria-label=\"Carrousel afbeelding\" dir=\"ltr\">\n\t\t\t<div class=\"elementor-image-carousel swiper-wrapper\" aria-live=\"off\">\n\t\t\t\t\t\t\t\t<div class=\"swiper-slide\" role=\"group\" aria-roledescription=\"slide\" aria-label=\"1 sur 9\"><a data-elementor-open-lightbox=\"yes\" data-elementor-lightbox-slideshow=\"257e69d\" data-elementor-lightbox-title=\"2013-12-13-14.56.02\" data-e-action-hash=\"#elementor-action%3Aaction%3Dlightbox%26settings%3DeyJpZCI6MTQxMCwidXJsIjoiaHR0cHM6XC9cL2FicmFtZW4uYmVcL3dwLWNvbnRlbnRcL3VwbG9hZHNcLzIwMTMtMTItMTMtMTQuNTYuMDItc2NhbGVkLmpwZyIsInNsaWRlc2hvdyI6IjI1N2U2OWQifQ%3D%3D\" href=\"https:\/\/abramen.be\/wp-content\/uploads\/2013-12-13-14.56.02-scaled.jpg\"><figure class=\"swiper-slide-inner\"><img decoding=\"async\" class=\"swiper-slide-image\" src=\"https:\/\/abramen.be\/wp-content\/uploads\/elementor\/thumbs\/2013-12-13-14.56.02-scaled-r3x4ggb7wj54rd360np5xva7wjf3tev5iz2g7cyjjk.jpg\" alt=\"2013-12-13-14.56.02\" \/><\/figure><\/a><\/div><div class=\"swiper-slide\" role=\"group\" aria-roledescription=\"slide\" aria-label=\"2 sur 9\"><a data-elementor-open-lightbox=\"yes\" data-elementor-lightbox-slideshow=\"257e69d\" data-elementor-lightbox-title=\"20210527_095900\" data-e-action-hash=\"#elementor-action%3Aaction%3Dlightbox%26settings%3DeyJpZCI6MTY2NCwidXJsIjoiaHR0cHM6XC9cL2FicmFtZW4uYmVcL3dwLWNvbnRlbnRcL3VwbG9hZHNcLzIwMjEwNTI3XzA5NTkwMC1zY2FsZWQuanBnIiwic2xpZGVzaG93IjoiMjU3ZTY5ZCJ9\" href=\"https:\/\/abramen.be\/wp-content\/uploads\/20210527_095900-scaled.jpg\"><figure class=\"swiper-slide-inner\"><img decoding=\"async\" class=\"swiper-slide-image\" src=\"https:\/\/abramen.be\/wp-content\/uploads\/elementor\/thumbs\/20210527_095900-scaled-r4oqcyu2zfywkfw6xzdezs3w2xtfpr1082to74u0s0.jpg\" alt=\"20210527_095900\" \/><\/figure><\/a><\/div><div class=\"swiper-slide\" role=\"group\" aria-roledescription=\"slide\" aria-label=\"3 sur 9\"><a data-elementor-open-lightbox=\"yes\" data-elementor-lightbox-slideshow=\"257e69d\" data-elementor-lightbox-title=\"IMG-20200707-WA0004\" data-e-action-hash=\"#elementor-action%3Aaction%3Dlightbox%26settings%3DeyJpZCI6MTcwMiwidXJsIjoiaHR0cHM6XC9cL2FicmFtZW4uYmVcL3dwLWNvbnRlbnRcL3VwbG9hZHNcL0lNRy0yMDIwMDcwNy1XQTAwMDQuanBnIiwic2xpZGVzaG93IjoiMjU3ZTY5ZCJ9\" href=\"https:\/\/abramen.be\/wp-content\/uploads\/IMG-20200707-WA0004.jpg\"><figure class=\"swiper-slide-inner\"><img decoding=\"async\" class=\"swiper-slide-image\" src=\"https:\/\/abramen.be\/wp-content\/uploads\/elementor\/thumbs\/IMG-20200707-WA0004-r4oqe0fmktedgudkufmhrimbuco49n69p8x3e7a9v4.jpg\" alt=\"IMG-20200707-WA0004\" \/><\/figure><\/a><\/div><div class=\"swiper-slide\" role=\"group\" aria-roledescription=\"slide\" aria-label=\"4 sur 9\"><a data-elementor-open-lightbox=\"yes\" data-elementor-lightbox-slideshow=\"257e69d\" data-elementor-lightbox-title=\"20210527_100108\" data-e-action-hash=\"#elementor-action%3Aaction%3Dlightbox%26settings%3DeyJpZCI6MTY2NiwidXJsIjoiaHR0cHM6XC9cL2FicmFtZW4uYmVcL3dwLWNvbnRlbnRcL3VwbG9hZHNcLzIwMjEwNTI3XzEwMDEwOC1zY2FsZWQuanBnIiwic2xpZGVzaG93IjoiMjU3ZTY5ZCJ9\" href=\"https:\/\/abramen.be\/wp-content\/uploads\/20210527_100108-scaled.jpg\"><figure class=\"swiper-slide-inner\"><img decoding=\"async\" class=\"swiper-slide-image\" src=\"https:\/\/abramen.be\/wp-content\/uploads\/elementor\/thumbs\/20210527_100108-scaled-r4oqd0prd41h7ntgn06o4rmt9pk6558gwc4n5or8fk.jpg\" alt=\"20210527_100108\" \/><\/figure><\/a><\/div><div class=\"swiper-slide\" role=\"group\" aria-roledescription=\"slide\" aria-label=\"5 sur 9\"><a data-elementor-open-lightbox=\"yes\" data-elementor-lightbox-slideshow=\"257e69d\" data-elementor-lightbox-title=\"WhatsApp Image 2025-04-11 at 08.55.35\" data-e-action-hash=\"#elementor-action%3Aaction%3Dlightbox%26settings%3DeyJpZCI6MTU4MSwidXJsIjoiaHR0cHM6XC9cL2FicmFtZW4uYmVcL3dwLWNvbnRlbnRcL3VwbG9hZHNcL1doYXRzQXBwLUltYWdlLTIwMjUtMDQtMTEtYXQtMDguNTUuMzUuanBlZyIsInNsaWRlc2hvdyI6IjI1N2U2OWQifQ%3D%3D\" href=\"https:\/\/abramen.be\/wp-content\/uploads\/WhatsApp-Image-2025-04-11-at-08.55.35.jpeg\"><figure class=\"swiper-slide-inner\"><img decoding=\"async\" class=\"swiper-slide-image\" src=\"https:\/\/abramen.be\/wp-content\/uploads\/elementor\/thumbs\/WhatsApp-Image-2025-04-11-at-08.55.35-r4k5rz236t3l7qa0qvdbwxkaxxcw297oa2y1gpvq7k.jpeg\" alt=\"WhatsApp Afbeelding 2025-04-11 om 08.55.35\" \/><\/figure><\/a><\/div><div class=\"swiper-slide\" role=\"group\" aria-roledescription=\"slide\" aria-label=\"6 sur 9\"><a data-elementor-open-lightbox=\"yes\" data-elementor-lightbox-slideshow=\"257e69d\" data-elementor-lightbox-title=\"mobilier sur mesure\" data-e-action-hash=\"#elementor-action%3Aaction%3Dlightbox%26settings%3DeyJpZCI6MTU4MiwidXJsIjoiaHR0cHM6XC9cL2FicmFtZW4uYmVcL3dwLWNvbnRlbnRcL3VwbG9hZHNcL1doYXRzQXBwLUltYWdlLTIwMjUtMDQtMTEtYXQtMDguNTUuMzQtMi5qcGVnIiwic2xpZGVzaG93IjoiMjU3ZTY5ZCJ9\" href=\"https:\/\/abramen.be\/wp-content\/uploads\/WhatsApp-Image-2025-04-11-at-08.55.34-2.jpeg\"><figure class=\"swiper-slide-inner\"><img decoding=\"async\" class=\"swiper-slide-image\" src=\"https:\/\/abramen.be\/wp-content\/uploads\/elementor\/thumbs\/WhatsApp-Image-2025-04-11-at-08.55.34-2-r4k5rzzxdn4vjc8nldryhfbrjb899ybem7lixzuc1c.jpeg\" alt=\"op maat gemaakte meubels\" \/><\/figure><\/a><\/div><div class=\"swiper-slide\" role=\"group\" aria-roledescription=\"slide\" aria-label=\"7 sur 9\"><a data-elementor-open-lightbox=\"yes\" data-elementor-lightbox-slideshow=\"257e69d\" data-elementor-lightbox-title=\"20210401_121853\" data-e-action-hash=\"#elementor-action%3Aaction%3Dlightbox%26settings%3DeyJpZCI6MTQ0NSwidXJsIjoiaHR0cHM6XC9cL2FicmFtZW4uYmVcL3dwLWNvbnRlbnRcL3VwbG9hZHNcLzIwMjEwNDAxXzEyMTg1My1zY2FsZWQuanBnIiwic2xpZGVzaG93IjoiMjU3ZTY5ZCJ9\" href=\"https:\/\/abramen.be\/wp-content\/uploads\/20210401_121853-scaled.jpg\"><figure class=\"swiper-slide-inner\"><img decoding=\"async\" class=\"swiper-slide-image\" src=\"https:\/\/abramen.be\/wp-content\/uploads\/elementor\/thumbs\/20210401_121853-scaled-r3xbehdpu1ex19wm0qgl6rw8eb1zazgrwi83t28kfk.jpg\" alt=\"20210401_121853\" \/><\/figure><\/a><\/div><div class=\"swiper-slide\" role=\"group\" aria-roledescription=\"slide\" aria-label=\"8 sur 9\"><a data-elementor-open-lightbox=\"yes\" data-elementor-lightbox-slideshow=\"257e69d\" data-elementor-lightbox-title=\"Photo0025\" data-e-action-hash=\"#elementor-action%3Aaction%3Dlightbox%26settings%3DeyJpZCI6MTQyNSwidXJsIjoiaHR0cHM6XC9cL2FicmFtZW4uYmVcL3dwLWNvbnRlbnRcL3VwbG9hZHNcL1Bob3RvMDAyNS1zY2FsZWQuanBnIiwic2xpZGVzaG93IjoiMjU3ZTY5ZCJ9\" href=\"https:\/\/abramen.be\/wp-content\/uploads\/Photo0025-scaled.jpg\"><figure class=\"swiper-slide-inner\"><img decoding=\"async\" class=\"swiper-slide-image\" src=\"https:\/\/abramen.be\/wp-content\/uploads\/elementor\/thumbs\/Photo0025-scaled-r3x93x81jwe9a9tu41q96lwq1xzd81pijvesc4ney8.jpg\" alt=\"Foto0025\" \/><\/figure><\/a><\/div><div class=\"swiper-slide\" role=\"group\" aria-roledescription=\"slide\" aria-label=\"9 sur 9\"><a data-elementor-open-lightbox=\"yes\" data-elementor-lightbox-slideshow=\"257e69d\" data-elementor-lightbox-title=\"durabric6\" data-e-action-hash=\"#elementor-action%3Aaction%3Dlightbox%26settings%3DeyJpZCI6MTQzMCwidXJsIjoiaHR0cHM6XC9cL2FicmFtZW4uYmVcL3dwLWNvbnRlbnRcL3VwbG9hZHNcL2R1cmFicmljNi1zY2FsZWQuanBnIiwic2xpZGVzaG93IjoiMjU3ZTY5ZCJ9\" href=\"https:\/\/abramen.be\/wp-content\/uploads\/durabric6-scaled.jpg\"><figure class=\"swiper-slide-inner\"><img decoding=\"async\" class=\"swiper-slide-image\" src=\"https:\/\/abramen.be\/wp-content\/uploads\/elementor\/thumbs\/durabric6-scaled-r3x9dz3wn45ng586ew5mckl6rafojim69mkq3nqueo.jpg\" alt=\"durabek6\" \/><\/figure><\/a><\/div>\t\t\t<\/div>\n\t\t\t\t\t\t\t\t\t\t\t\t<div class=\"elementor-swiper-button elementor-swiper-button-prev\" role=\"button\" tabindex=\"0\">\n\t\t\t\t\t\t<i aria-hidden=\"true\" class=\"eicon-chevron-left\"><\/i>\t\t\t\t\t<\/div>\n\t\t\t\t\t<div class=\"elementor-swiper-button elementor-swiper-button-next\" role=\"button\" tabindex=\"0\">\n\t\t\t\t\t\t<i aria-hidden=\"true\" class=\"eicon-chevron-right\"><\/i>\t\t\t\t\t<\/div>\n\t\t\t\t\n\t\t\t\t\t\t\t\t\t<\/div>\n\t\t\t\t\t\t<\/div>\n\t\t\t\t<\/div>\n\t\t\t\t<\/div>\n\t\t<div class=\"elementor-element elementor-element-a30965f e-con-full e-flex wpr-particle-no wpr-jarallax-no wpr-parallax-no wpr-sticky-section-no wpr-equal-height-no e-con e-child\" data-id=\"a30965f\" data-element_type=\"container\" data-e-type=\"container\">\n\t\t\t\t<div class=\"elementor-element elementor-element-4d08579 elementor-invisible elementor-widget elementor-widget-heading\" data-id=\"4d08579\" data-element_type=\"widget\" data-e-type=\"widget\" data-settings=\"{&quot;_animation&quot;:&quot;fadeInDown&quot;}\" data-widget_type=\"heading.default\">\n\t\t\t\t<div class=\"elementor-widget-container\">\n\t\t\t\t\t<h2 class=\"elementor-heading-title elementor-size-default\">Op maat gemaakte opbergoplossingen voor elke ruimte<\/h2>\t\t\t\t<\/div>\n\t\t\t\t<\/div>\n\t\t\t\t<div class=\"elementor-element elementor-element-06f12bd elementor-invisible elementor-widget elementor-widget-text-editor\" data-id=\"06f12bd\" data-element_type=\"widget\" data-e-type=\"widget\" data-settings=\"{&quot;_animation&quot;:&quot;fadeIn&quot;}\" data-widget_type=\"text-editor.default\">\n\t\t\t\t<div class=\"elementor-widget-container\">\n\t\t\t\t\t\t\t\t\tBij ABRAMEN ontwerpen en realiseren we op maat gemaakte kasten die voldoen aan uw specifieke organisatie- en interieurinrichtingsbehoeften.  \nOf het nu gaat om een dressing, slaapkamer, kantoor of een ruimte onder de trap, we bieden praktische en elegante oplossingen die perfect in uw interieur passen.  \nElk project is ontworpen om de beschikbare ruimte te maximaliseren, terwijl we uw stijl en wensen respecteren.\t\t\t\t\t\t\t\t<\/div>\n\t\t\t\t<\/div>\n\t\t\t\t<div class=\"elementor-element elementor-element-6f96a44 elementor-icon-list--layout-traditional elementor-list-item-link-full_width elementor-widget elementor-widget-icon-list\" data-id=\"6f96a44\" data-element_type=\"widget\" data-e-type=\"widget\" data-widget_type=\"icon-list.default\">\n\t\t\t\t<div class=\"elementor-widget-container\">\n\t\t\t\t\t\t\t<ul class=\"elementor-icon-list-items\">\n\t\t\t\t\t\t\t<li class=\"elementor-icon-list-item\">\n\t\t\t\t\t\t\t\t\t\t\t<span class=\"elementor-icon-list-icon\">\n\t\t\t\t\t\t\t<i aria-hidden=\"true\" class=\"fas fa-dot-circle\"><\/i>\t\t\t\t\t\t<\/span>\n\t\t\t\t\t\t\t\t\t\t<span class=\"elementor-icon-list-text\">Kasten, dressings, meubels onder het schuine dak, boekenkasten<\/span>\n\t\t\t\t\t\t\t\t\t<\/li>\n\t\t\t\t\t\t\t\t<li class=\"elementor-icon-list-item\">\n\t\t\t\t\t\t\t\t\t\t\t<span class=\"elementor-icon-list-icon\">\n\t\t\t\t\t\t\t<i aria-hidden=\"true\" class=\"fas fa-dot-circle\"><\/i>\t\t\t\t\t\t<\/span>\n\t\t\t\t\t\t\t\t\t\t<span class=\"elementor-icon-list-text\">Modulaire en op maat gemaakte interieurinrichtingen<\/span>\n\t\t\t\t\t\t\t\t\t<\/li>\n\t\t\t\t\t\t\t\t<li class=\"elementor-icon-list-item\">\n\t\t\t\t\t\t\t\t\t\t\t<span class=\"elementor-icon-list-icon\">\n\t\t\t\t\t\t\t<i aria-hidden=\"true\" class=\"fas fa-dot-circle\"><\/i>\t\t\t\t\t\t<\/span>\n\t\t\t\t\t\t\t\t\t\t<span class=\"elementor-icon-list-text\">Grote keuze aan materialen, kleuren en afwerkingen<\/span>\n\t\t\t\t\t\t\t\t\t<\/li>\n\t\t\t\t\t\t\t\t<li class=\"elementor-icon-list-item\">\n\t\t\t\t\t\t\t\t\t\t\t<span class=\"elementor-icon-list-icon\">\n\t\t\t\t\t\t\t<i aria-hidden=\"true\" class=\"fas fa-dot-circle\"><\/i>\t\t\t\t\t\t<\/span>\n\t\t\t\t\t\t\t\t\t\t<span class=\"elementor-icon-list-text\">Oplossingen op maat voor zowel kleine als grote ruimtes<\/span>\n\t\t\t\t\t\t\t\t\t<\/li>\n\t\t\t\t\t\t\t\t<li class=\"elementor-icon-list-item\">\n\t\t\t\t\t\t\t\t\t\t\t<span class=\"elementor-icon-list-icon\">\n\t\t\t\t\t\t\t<i aria-hidden=\"true\" class=\"fas fa-dot-circle\"><\/i>\t\t\t\t\t\t<\/span>\n\t\t\t\t\t\t\t\t\t\t<span class=\"elementor-icon-list-text\">Ambachtelijke vervaardiging en zorgvuldige installatie<\/span>\n\t\t\t\t\t\t\t\t\t<\/li>\n\t\t\t\t\t\t<\/ul>\n\t\t\t\t\t\t<\/div>\n\t\t\t\t<\/div>\n\t\t\t\t<\/div>\n\t\t\t\t\t<\/div>\n\t\t\t\t<\/div>\n\t\t<div class=\"elementor-element elementor-element-476028a e-con-full e-flex wpr-particle-no wpr-jarallax-no wpr-parallax-no wpr-sticky-section-no wpr-equal-height-no e-con e-parent\" data-id=\"476028a\" data-element_type=\"container\" data-e-type=\"container\" data-settings=\"{&quot;background_background&quot;:&quot;classic&quot;}\">\n\t\t<div class=\"elementor-element elementor-element-8af0d06 e-con-full e-flex wpr-particle-no wpr-jarallax-no wpr-parallax-no wpr-sticky-section-no wpr-equal-height-no e-con e-child\" data-id=\"8af0d06\" data-element_type=\"container\" data-e-type=\"container\">\n\t\t\t\t<div class=\"elementor-element elementor-element-b9b330e elementor-invisible elementor-widget elementor-widget-heading\" data-id=\"b9b330e\" data-element_type=\"widget\" data-e-type=\"widget\" data-settings=\"{&quot;_animation&quot;:&quot;zoomIn&quot;}\" data-widget_type=\"heading.default\">\n\t\t\t\t<div class=\"elementor-widget-container\">\n\t\t\t\t\t<h1 class=\"elementor-heading-title elementor-size-default\">Optimaliseer uw ruimte met op maat gemaakte kasten<\/h1>\t\t\t\t<\/div>\n\t\t\t\t<\/div>\n\t\t\t\t<div class=\"elementor-element elementor-element-8fca7d7 elementor-widget elementor-widget-text-editor\" data-id=\"8fca7d7\" data-element_type=\"widget\" data-e-type=\"widget\" data-widget_type=\"text-editor.default\">\n\t\t\t\t<div class=\"elementor-widget-container\">\n\t\t\t\t\t\t\t\t\tCre\u00eber functionele en esthetische opbergoplossingen dankzij het vakmanschap van ABRAMEN. Neem contact met ons op om uw project te bespreken en een gratis offerte te ontvangen.\t\t\t\t\t\t\t\t<\/div>\n\t\t\t\t<\/div>\n\t\t\t\t<div class=\"elementor-element elementor-element-3a32101 envato-kit-30-div-rotate elementor-widget-divider--view-line elementor-invisible elementor-widget elementor-widget-divider\" data-id=\"3a32101\" data-element_type=\"widget\" data-e-type=\"widget\" data-settings=\"{&quot;_animation&quot;:&quot;fadeIn&quot;}\" data-widget_type=\"divider.default\">\n\t\t\t\t<div class=\"elementor-widget-container\">\n\t\t\t\t\t\t\t<div class=\"elementor-divider\">\n\t\t\t<span class=\"elementor-divider-separator\">\n\t\t\t\t\t\t<\/span>\n\t\t<\/div>\n\t\t\t\t\t\t<\/div>\n\t\t\t\t<\/div>\n\t\t\t\t<div class=\"elementor-element elementor-element-6824d3b elementor-align-center elementor-invisible elementor-widget elementor-widget-button\" data-id=\"6824d3b\" data-element_type=\"widget\" data-e-type=\"widget\" data-settings=\"{&quot;_animation&quot;:&quot;fadeInUp&quot;}\" data-widget_type=\"button.default\">\n\t\t\t\t<div class=\"elementor-widget-container\">\n\t\t\t\t\t\t\t\t\t<div class=\"elementor-button-wrapper\">\n\t\t\t\t\t<a class=\"elementor-button elementor-button-link elementor-size-sm elementor-animation-sink\" href=\"https:\/\/abramen.be\/nl\/contact\/\">\n\t\t\t\t\t\t<span class=\"elementor-button-content-wrapper\">\n\t\t\t\t\t\t\t\t\t<span class=\"elementor-button-text\">Vraag een gratis offerte aan<\/span>\n\t\t\t\t\t<\/span>\n\t\t\t\t\t<\/a>\n\t\t\t\t<\/div>\n\t\t\t\t\t\t\t\t<\/div>\n\t\t\t\t<\/div>\n\t\t\t\t<\/div>\n\t\t\t\t<\/div>\n\t\t\t\t<\/div>","protected":false},"excerpt":{"rendered":"<p>Placards sur mesure en Belgique : optimisation et \u00e9l\u00e9gance Optimisez votre espace de vie avec des placards sur mesure, con\u00e7us pour allier esth\u00e9tisme, fonctionnalit\u00e9 et durabilit\u00e9. Faites confiance au savoir-faire d\u2019ABRAMEN. Des solutions de rangement sur mesure pour chaque espace Chez ABRAMEN, nous concevons et r\u00e9alisons des placards sur mesure pour r\u00e9pondre \u00e0 vos besoins sp\u00e9cifiques d\u2019organisation et d\u2019am\u00e9nagement int\u00e9rieur. Que ce soit pour un dressing, une chambre, un bureau ou un espace sous escalier, nous proposons des solutions pratiques et \u00e9l\u00e9gantes, parfaitement int\u00e9gr\u00e9es \u00e0 votre int\u00e9rieur. Chaque projet est pens\u00e9 pour maximiser l\u2019espace disponible tout en respectant votre style et vos envies. Placards, dressings, meubles sous pente, biblioth\u00e8ques Am\u00e9nagements int\u00e9rieurs modulables et sur mesure Large choix de mat\u00e9riaux, coloris et finitions Solutions adapt\u00e9es aux petits et grands espaces Fabrication artisanale et installation soign\u00e9e Optimisez votre espace avec des placards sur mesure Cr\u00e9ez des rangements fonctionnels et esth\u00e9tiques gr\u00e2ce au savoir-faire d\u2019ABRAMEN. Contactez-nous pour discuter de votre projet et obtenir un devis gratuit. Demander un devis gratuit<\/p>","protected":false},"author":3,"featured_media":1465,"parent":0,"menu_order":0,"comment_status":"closed","ping_status":"closed","template":"elementor_header_footer","meta":{"_acf_changed":false,"footnotes":""},"class_list":["post-914","page","type-page","status-publish","has-post-thumbnail","hentry"],"acf":[],"_links":{"self":[{"href":"https:\/\/abramen.be\/nl\/wp-json\/wp\/v2\/pages\/914","targetHints":{"allow":["GET"]}}],"collection":[{"href":"https:\/\/abramen.be\/nl\/wp-json\/wp\/v2\/pages"}],"about":[{"href":"https:\/\/abramen.be\/nl\/wp-json\/wp\/v2\/types\/page"}],"author":[{"embeddable":true,"href":"https:\/\/abramen.be\/nl\/wp-json\/wp\/v2\/users\/3"}],"replies":[{"embeddable":true,"href":"https:\/\/abramen.be\/nl\/wp-json\/wp\/v2\/comments?post=914"}],"version-history":[{"count":18,"href":"https:\/\/abramen.be\/nl\/wp-json\/wp\/v2\/pages\/914\/revisions"}],"predecessor-version":[{"id":2069,"href":"https:\/\/abramen.be\/nl\/wp-json\/wp\/v2\/pages\/914\/revisions\/2069"}],"wp:featuredmedia":[{"embeddable":true,"href":"https:\/\/abramen.be\/nl\/wp-json\/wp\/v2\/media\/1465"}],"wp:attachment":[{"href":"https:\/\/abramen.be\/nl\/wp-json\/wp\/v2\/media?parent=914"}],"curies":[{"name":"wp","href":"https:\/\/api.w.org\/{rel}","templated":true}]}}